{"id":40,"date":"2015-05-08T16:14:06","date_gmt":"2015-05-08T15:14:06","guid":{"rendered":"http:\/\/www.football-solidaire.com\/?page_id=40"},"modified":"2025-05-05T14:12:52","modified_gmt":"2025-05-05T13:12:52","slug":"home","status":"publish","type":"page","link":"https:\/\/www.football-solidaire.com\/","title":{"rendered":"Home"},"content":{"rendered":"<p>[et_pb_section fb_built=\u00a0\u00bb1&Prime; fullwidth=\u00a0\u00bbon\u00a0\u00bb custom_padding_last_edited=\u00a0\u00bbon|desktop\u00a0\u00bb admin_label=\u00a0\u00bbsection\u00a0\u00bb _builder_version=\u00a0\u00bb4.16&Prime; background_color=\u00a0\u00bb#000000&Prime; background_image=\u00a0\u00bbhttp:\/\/www.football-solidaire.com\/wp-content\/uploads\/2016\/12\/DSC_0061.jpg\u00a0\u00bb background_video_width=\u00a0\u00bb1920&Prime; background_video_height=\u00a0\u00bb1080&Prime; custom_padding_tablet=\u00a0\u00bb50px|0|50px|0&Prime; custom_padding_phone=\u00a0\u00bb\u00a0\u00bb transparent_background=\u00a0\u00bboff\u00a0\u00bb padding_mobile=\u00a0\u00bboff\u00a0\u00bb make_fullwidth=\u00a0\u00bboff\u00a0\u00bb use_custom_width=\u00a0\u00bboff\u00a0\u00bb width_unit=\u00a0\u00bbon\u00a0\u00bb custom_width_px=\u00a0\u00bb1080px\u00a0\u00bb custom_width_percent=\u00a0\u00bb80%\u00a0\u00bb global_colors_info=\u00a0\u00bb{}\u00a0\u00bb][et_pb_fullwidth_header subhead=\u00a0\u00bbNous construisons une acad\u00e9mie mod\u00e8le en Afrique, qui fasse demain la fiert\u00e9 des maliens, par ses r\u00e9sultats sportifs et l\u2019exemplarit\u00e9 de ses joueurs\u00a0\u00bb text_orientation=\u00a0\u00bbcenter\u00a0\u00bb header_fullscreen=\u00a0\u00bbon\u00a0\u00bb button_one_text=\u00a0\u00bbD\u00e9couvrez-nous\u00a0\u00bb button_one_url=\u00a0\u00bbwww.football-solidaire.com\/#Ambition\u00a0\u00bb background_overlay_color=\u00a0\u00bbrgba(255,255,255,0)\u00a0\u00bb logo_image_url=\u00a0\u00bbhttp:\/\/www.football-solidaire.com\/wp-content\/uploads\/2020\/01\/logo_yeelen-removebg-preview.png\u00a0\u00bb content_max_width=\u00a0\u00bb58%\u00a0\u00bb admin_label=\u00a0\u00bbImage \u00e0 la une plein \u00e9cran\u00a0\u00bb _builder_version=\u00a0\u00bb4.16&Prime; title_font=\u00a0\u00bb|||on|\u00a0\u00bb subhead_font=\u00a0\u00bbOswald|700||on|||||\u00a0\u00bb subhead_font_size=\u00a0\u00bb20px\u00a0\u00bb subhead_letter_spacing=\u00a0\u00bb1px\u00a0\u00bb background_color=\u00a0\u00bbrgba(0,0,0,0)\u00a0\u00bb background_enable_image=\u00a0\u00bboff\u00a0\u00bb custom_button_one=\u00a0\u00bbon\u00a0\u00bb button_one_border_color=\u00a0\u00bbrgba(0,0,0,0)\u00a0\u00bb button_one_border_radius=\u00a0\u00bb30&Prime; button_one_font=\u00a0\u00bbOswald||||||||\u00a0\u00bb button_one_use_icon=\u00a0\u00bboff\u00a0\u00bb subhead_font_size_tablet=\u00a0\u00bb\u00a0\u00bb subhead_font_size_phone=\u00a0\u00bb18px\u00a0\u00bb subhead_font_size_last_edited=\u00a0\u00bbon|desktop\u00a0\u00bb button_one_border_color_hover=\u00a0\u00bbrgba(0,0,0,0)\u00a0\u00bb button_one_border_radius_hover=\u00a0\u00bb30&Prime; button_one_letter_spacing_hover=\u00a0\u00bb0&Prime; button_two_letter_spacing_hover=\u00a0\u00bb0&Prime; background_url=\u00a0\u00bbhttp:\/\/www.football-solidaire.com\/wp-content\/uploads\/2016\/12\/DSC_0061.jpg\u00a0\u00bb global_colors_info=\u00a0\u00bb{}\u00a0\u00bb button_one_text_size__hover_enabled=\u00a0\u00bboff\u00a0\u00bb button_two_text_size__hover_enabled=\u00a0\u00bboff\u00a0\u00bb button_one_text_color__hover_enabled=\u00a0\u00bboff\u00a0\u00bb button_two_text_color__hover_enabled=\u00a0\u00bboff\u00a0\u00bb button_one_border_width__hover_enabled=\u00a0\u00bboff\u00a0\u00bb button_two_border_width__hover_enabled=\u00a0\u00bboff\u00a0\u00bb button_one_border_color__hover_enabled=\u00a0\u00bbon\u00a0\u00bb button_one_border_color__hover=\u00a0\u00bbrgba(0,0,0,0)\u00a0\u00bb button_two_border_color__hover_enabled=\u00a0\u00bboff\u00a0\u00bb button_one_border_radius__hover_enabled=\u00a0\u00bbon\u00a0\u00bb button_one_border_radius__hover=\u00a0\u00bb30&Prime; button_two_border_radius__hover_enabled=\u00a0\u00bboff\u00a0\u00bb button_one_letter_spacing__hover_enabled=\u00a0\u00bbon\u00a0\u00bb button_one_letter_spacing__hover=\u00a0\u00bb0&Prime; button_two_letter_spacing__hover_enabled=\u00a0\u00bbon\u00a0\u00bb button_two_letter_spacing__hover=\u00a0\u00bb0&Prime; button_one_bg_color__hover_enabled=\u00a0\u00bboff\u00a0\u00bb button_two_bg_color__hover_enabled=\u00a0\u00bboff\u00a0\u00bb][\/et_pb_fullwidth_header][\/et_pb_section][et_pb_section fb_built=\u00a0\u00bb1&Prime; custom_padding_last_edited=\u00a0\u00bbon|desktop\u00a0\u00bb admin_label=\u00a0\u00bbsection\u00a0\u00bb module_id=\u00a0\u00bbAmbition\u00a0\u00bb _builder_version=\u00a0\u00bb4.16&Prime; custom_padding=\u00a0\u00bb54px|0px|4px|0px\u00a0\u00bb custom_padding_tablet=\u00a0\u00bb50px|0|50px|0&Prime; custom_padding_phone=\u00a0\u00bb\u00a0\u00bb transparent_background=\u00a0\u00bboff\u00a0\u00bb padding_mobile=\u00a0\u00bboff\u00a0\u00bb make_fullwidth=\u00a0\u00bboff\u00a0\u00bb use_custom_width=\u00a0\u00bboff\u00a0\u00bb width_unit=\u00a0\u00bboff\u00a0\u00bb custom_width_px=\u00a0\u00bb1080px\u00a0\u00bb custom_width_percent=\u00a0\u00bb80%\u00a0\u00bb global_colors_info=\u00a0\u00bb{}\u00a0\u00bb][et_pb_row padding_mobile=\u00a0\u00bboff\u00a0\u00bb column_padding_mobile=\u00a0\u00bbon\u00a0\u00bb admin_label=\u00a0\u00bbrow\u00a0\u00bb _builder_version=\u00a0\u00bb4.16&Prime; background_size=\u00a0\u00bbinitial\u00a0\u00bb background_position=\u00a0\u00bbtop_left\u00a0\u00bb background_repeat=\u00a0\u00bbrepeat\u00a0\u00bb make_fullwidth=\u00a0\u00bboff\u00a0\u00bb use_custom_width=\u00a0\u00bboff\u00a0\u00bb width_unit=\u00a0\u00bboff\u00a0\u00bb custom_width_px=\u00a0\u00bb1080px\u00a0\u00bb custom_width_percent=\u00a0\u00bb80%\u00a0\u00bb global_colors_info=\u00a0\u00bb{}\u00a0\u00bb][et_pb_column type=\u00a0\u00bb4_4&Prime; _builder_version=\u00a0\u00bb4.16&Prime; custom_padding=\u00a0\u00bb|||\u00a0\u00bb global_colors_info=\u00a0\u00bb{}\u00a0\u00bb custom_padding__hover=\u00a0\u00bb|||\u00a0\u00bb][et_pb_text admin_label=\u00a0\u00bbTexte\u00a0\u00bb _builder_version=\u00a0\u00bb4.16&Prime; text_font=\u00a0\u00bbOswald|700|||||||\u00a0\u00bb text_font_size=\u00a0\u00bb30px\u00a0\u00bb header_font=\u00a0\u00bb|on|||\u00a0\u00bb header_font_size=\u00a0\u00bb41px\u00a0\u00bb background_size=\u00a0\u00bbinitial\u00a0\u00bb background_position=\u00a0\u00bbtop_left\u00a0\u00bb background_repeat=\u00a0\u00bbrepeat\u00a0\u00bb use_border_color=\u00a0\u00bboff\u00a0\u00bb border_style=\u00a0\u00bbsolid\u00a0\u00bb global_colors_info=\u00a0\u00bb{}\u00a0\u00bb]Notre ambition[\/et_pb_text][\/et_pb_column][\/et_pb_row][et_pb_row padding_mobile=\u00a0\u00bboff\u00a0\u00bb column_padding_mobile=\u00a0\u00bbon\u00a0\u00bb admin_label=\u00a0\u00bbrow\u00a0\u00bb _builder_version=\u00a0\u00bb4.16&Prime; background_size=\u00a0\u00bbinitial\u00a0\u00bb background_position=\u00a0\u00bbtop_left\u00a0\u00bb background_repeat=\u00a0\u00bbrepeat\u00a0\u00bb custom_padding=\u00a0\u00bb0px||0px|\u00a0\u00bb make_fullwidth=\u00a0\u00bboff\u00a0\u00bb use_custom_width=\u00a0\u00bboff\u00a0\u00bb width_unit=\u00a0\u00bboff\u00a0\u00bb custom_width_px=\u00a0\u00bb1080px\u00a0\u00bb custom_width_percent=\u00a0\u00bb80%\u00a0\u00bb global_colors_info=\u00a0\u00bb{}\u00a0\u00bb][et_pb_column type=\u00a0\u00bb4_4&Prime; _builder_version=\u00a0\u00bb4.16&Prime; custom_padding=\u00a0\u00bb|||\u00a0\u00bb global_colors_info=\u00a0\u00bb{}\u00a0\u00bb custom_padding__hover=\u00a0\u00bb|||\u00a0\u00bb][et_pb_text admin_label=\u00a0\u00bbTexte\u00a0\u00bb _builder_version=\u00a0\u00bb4.16&Prime; background_size=\u00a0\u00bbinitial\u00a0\u00bb background_position=\u00a0\u00bbtop_left\u00a0\u00bb background_repeat=\u00a0\u00bbrepeat\u00a0\u00bb use_border_color=\u00a0\u00bboff\u00a0\u00bb border_style=\u00a0\u00bbsolid\u00a0\u00bb global_colors_info=\u00a0\u00bb{}\u00a0\u00bb]Construire sur le long terme une acad\u00e9mie mod\u00e8le en Afrique aux niveaux sportif et scolaire[\/et_pb_text][\/et_pb_column][\/et_pb_row][\/et_pb_section][et_pb_section fb_built=\u00a0\u00bb1&Prime; custom_padding_last_edited=\u00a0\u00bbon|desktop\u00a0\u00bb admin_label=\u00a0\u00bbsection\u00a0\u00bb _builder_version=\u00a0\u00bb4.16&Prime; custom_padding=\u00a0\u00bb12px|0px|54px|0px\u00a0\u00bb custom_padding_tablet=\u00a0\u00bb50px|0|50px|0&Prime; custom_padding_phone=\u00a0\u00bb\u00a0\u00bb transparent_background=\u00a0\u00bboff\u00a0\u00bb padding_mobile=\u00a0\u00bboff\u00a0\u00bb make_fullwidth=\u00a0\u00bboff\u00a0\u00bb use_custom_width=\u00a0\u00bboff\u00a0\u00bb width_unit=\u00a0\u00bboff\u00a0\u00bb custom_width_px=\u00a0\u00bb1080px\u00a0\u00bb custom_width_percent=\u00a0\u00bb80%\u00a0\u00bb global_colors_info=\u00a0\u00bb{}\u00a0\u00bb][et_pb_row column_structure=\u00a0\u00bb1_2,1_2&Prime; padding_mobile=\u00a0\u00bboff\u00a0\u00bb column_padding_mobile=\u00a0\u00bbon\u00a0\u00bb admin_label=\u00a0\u00bbrow\u00a0\u00bb _builder_version=\u00a0\u00bb4.16&Prime; background_size=\u00a0\u00bbinitial\u00a0\u00bb background_position=\u00a0\u00bbtop_left\u00a0\u00bb background_repeat=\u00a0\u00bbrepeat\u00a0\u00bb custom_padding=\u00a0\u00bb0px||0px|\u00a0\u00bb make_fullwidth=\u00a0\u00bboff\u00a0\u00bb use_custom_width=\u00a0\u00bboff\u00a0\u00bb width_unit=\u00a0\u00bboff\u00a0\u00bb custom_width_px=\u00a0\u00bb1080px\u00a0\u00bb custom_width_percent=\u00a0\u00bb80%\u00a0\u00bb global_colors_info=\u00a0\u00bb{}\u00a0\u00bb][et_pb_column type=\u00a0\u00bb1_2&Prime; _builder_version=\u00a0\u00bb4.16&Prime; custom_padding=\u00a0\u00bb|||\u00a0\u00bb global_colors_info=\u00a0\u00bb{}\u00a0\u00bb custom_padding__hover=\u00a0\u00bb|||\u00a0\u00bb][\/et_pb_column][et_pb_column type=\u00a0\u00bb1_2&Prime; _builder_version=\u00a0\u00bb4.16&Prime; custom_padding=\u00a0\u00bb|||\u00a0\u00bb global_colors_info=\u00a0\u00bb{}\u00a0\u00bb custom_padding__hover=\u00a0\u00bb|||\u00a0\u00bb][et_pb_text admin_label=\u00a0\u00bbTexte\u00a0\u00bb _builder_version=\u00a0\u00bb4.16&Prime; background_size=\u00a0\u00bbinitial\u00a0\u00bb background_position=\u00a0\u00bbtop_left\u00a0\u00bb background_repeat=\u00a0\u00bbrepeat\u00a0\u00bb use_border_color=\u00a0\u00bboff\u00a0\u00bb border_color=\u00a0\u00bb#ffffff\u00a0\u00bb border_style=\u00a0\u00bbsolid\u00a0\u00bb global_colors_info=\u00a0\u00bb{}\u00a0\u00bb]Le Yeelen Olympique a \u00e9t\u00e9 cr\u00e9\u00e9 en 2003 et prend actuellement en charge une centaine de joueurs, \u00e2g\u00e9s de 10 \u00e0 20 ans. Tous les enfants sont scolaris\u00e9s et b\u00e9n\u00e9ficient de soutien scolaire au sein des infrastructures du centre. Il sont suivis aux niveaux m\u00e9dical et alimentaire.<\/p>\n<p>Nous souhaitons positionner \u00e0 terme comme une acad\u00e9mie mod\u00e8le en Afrique au niveau du sport et de l\u2019\u00e9ducation :<\/p>\n<ul>\n<li>objectif 2020 : 100% de r\u00e9ussite aux examens scolaires<\/li>\n<li>objectif 2021 : participation du Yeelen \u00e0 la Ligue des Champions de la CAF<\/li>\n<li>objectif 2022 : participation de joueurs form\u00e9s au Yeelen \u00e0 la coupe du monde au Qatar<\/li>\n<\/ul>\n<p>[\/et_pb_text][\/et_pb_column][\/et_pb_row][\/et_pb_section][et_pb_section fb_built=\u00a0\u00bb1&Prime; fullwidth=\u00a0\u00bbon\u00a0\u00bb custom_padding_last_edited=\u00a0\u00bbon|desktop\u00a0\u00bb admin_label=\u00a0\u00bbsection\u00a0\u00bb _builder_version=\u00a0\u00bb4.16&Prime; background_video_mp4=\u00a0\u00bbhttp:\/\/www.football-solidaire.com\/wp-content\/uploads\/2015\/05\/Some-images-from-Yeelen-Football-Academy_0_16.mp4&Prime; custom_padding_tablet=\u00a0\u00bb50px|0|50px|0&Prime; custom_padding_phone=\u00a0\u00bb\u00a0\u00bb transparent_background=\u00a0\u00bboff\u00a0\u00bb padding_mobile=\u00a0\u00bboff\u00a0\u00bb make_fullwidth=\u00a0\u00bboff\u00a0\u00bb use_custom_width=\u00a0\u00bboff\u00a0\u00bb width_unit=\u00a0\u00bbon\u00a0\u00bb custom_width_px=\u00a0\u00bb1080px\u00a0\u00bb custom_width_percent=\u00a0\u00bb80%\u00a0\u00bb global_colors_info=\u00a0\u00bb{}\u00a0\u00bb][et_pb_fullwidth_header header_fullscreen=\u00a0\u00bbon\u00a0\u00bb content_max_width=\u00a0\u00bbnone\u00a0\u00bb admin_label=\u00a0\u00bbVid\u00e9o plein \u00e9cran\u00a0\u00bb _builder_version=\u00a0\u00bb4.16&Prime; background_color=\u00a0\u00bbrgba(255, 255, 255, 0)\u00a0\u00bb background_layout=\u00a0\u00bblight\u00a0\u00bb button_one_letter_spacing_hover=\u00a0\u00bb0&Prime; button_two_letter_spacing_hover=\u00a0\u00bb0&Prime; global_colors_info=\u00a0\u00bb{}\u00a0\u00bb button_one_text_size__hover_enabled=\u00a0\u00bboff\u00a0\u00bb button_two_text_size__hover_enabled=\u00a0\u00bboff\u00a0\u00bb button_one_text_color__hover_enabled=\u00a0\u00bboff\u00a0\u00bb button_two_text_color__hover_enabled=\u00a0\u00bboff\u00a0\u00bb button_one_border_width__hover_enabled=\u00a0\u00bboff\u00a0\u00bb button_two_border_width__hover_enabled=\u00a0\u00bboff\u00a0\u00bb button_one_border_color__hover_enabled=\u00a0\u00bboff\u00a0\u00bb button_two_border_color__hover_enabled=\u00a0\u00bboff\u00a0\u00bb button_one_border_radius__hover_enabled=\u00a0\u00bboff\u00a0\u00bb button_two_border_radius__hover_enabled=\u00a0\u00bboff\u00a0\u00bb button_one_letter_spacing__hover_enabled=\u00a0\u00bbon\u00a0\u00bb button_one_letter_spacing__hover=\u00a0\u00bb0&Prime; button_two_letter_spacing__hover_enabled=\u00a0\u00bbon\u00a0\u00bb button_two_letter_spacing__hover=\u00a0\u00bb0&Prime; button_one_bg_color__hover_enabled=\u00a0\u00bboff\u00a0\u00bb button_two_bg_color__hover_enabled=\u00a0\u00bboff\u00a0\u00bb] [\/et_pb_fullwidth_header][\/et_pb_section][et_pb_section fb_built=\u00a0\u00bb1&Prime; custom_padding_last_edited=\u00a0\u00bbon|desktop\u00a0\u00bb admin_label=\u00a0\u00bbsection\u00a0\u00bb module_id=\u00a0\u00bbPhilosophie\u00a0\u00bb _builder_version=\u00a0\u00bb4.16&Prime; min_height=\u00a0\u00bb275px\u00a0\u00bb custom_padding=\u00a0\u00bb50px|0px|2px|0px|false|false\u00a0\u00bb custom_padding_tablet=\u00a0\u00bb50px|0|50px|0&Prime; custom_padding_phone=\u00a0\u00bb25px|0|0px|0|false|false\u00a0\u00bb transparent_background=\u00a0\u00bboff\u00a0\u00bb make_fullwidth=\u00a0\u00bboff\u00a0\u00bb use_custom_width=\u00a0\u00bboff\u00a0\u00bb width_unit=\u00a0\u00bboff\u00a0\u00bb custom_width_px=\u00a0\u00bb1080px\u00a0\u00bb custom_width_percent=\u00a0\u00bb80%\u00a0\u00bb global_colors_info=\u00a0\u00bb{}\u00a0\u00bb][et_pb_row padding_mobile=\u00a0\u00bboff\u00a0\u00bb column_padding_mobile=\u00a0\u00bbon\u00a0\u00bb admin_label=\u00a0\u00bbrow\u00a0\u00bb _builder_version=\u00a0\u00bb4.16&Prime; background_size=\u00a0\u00bbinitial\u00a0\u00bb background_position=\u00a0\u00bbtop_left\u00a0\u00bb background_repeat=\u00a0\u00bbrepeat\u00a0\u00bb custom_padding=\u00a0\u00bb|||\u00a0\u00bb make_fullwidth=\u00a0\u00bboff\u00a0\u00bb use_custom_width=\u00a0\u00bboff\u00a0\u00bb width_unit=\u00a0\u00bboff\u00a0\u00bb custom_width_px=\u00a0\u00bb1080px\u00a0\u00bb custom_width_percent=\u00a0\u00bb80%\u00a0\u00bb global_colors_info=\u00a0\u00bb{}\u00a0\u00bb][et_pb_column type=\u00a0\u00bb4_4&Prime; _builder_version=\u00a0\u00bb4.16&Prime; custom_padding=\u00a0\u00bb|||\u00a0\u00bb global_colors_info=\u00a0\u00bb{}\u00a0\u00bb custom_padding__hover=\u00a0\u00bb|||\u00a0\u00bb][et_pb_text admin_label=\u00a0\u00bbTitre Philosophie\u00a0\u00bb _builder_version=\u00a0\u00bb4.16&Prime; text_font=\u00a0\u00bbOswald|700|||||||\u00a0\u00bb text_font_size=\u00a0\u00bb30px\u00a0\u00bb background_size=\u00a0\u00bbinitial\u00a0\u00bb background_position=\u00a0\u00bbtop_left\u00a0\u00bb background_repeat=\u00a0\u00bbrepeat\u00a0\u00bb custom_padding=\u00a0\u00bb||3px|||\u00a0\u00bb use_border_color=\u00a0\u00bboff\u00a0\u00bb border_style=\u00a0\u00bbsolid\u00a0\u00bb global_colors_info=\u00a0\u00bb{}\u00a0\u00bb]Notre philosophie[\/et_pb_text][\/et_pb_column][\/et_pb_row][et_pb_row padding_mobile=\u00a0\u00bboff\u00a0\u00bb column_padding_mobile=\u00a0\u00bbon\u00a0\u00bb admin_label=\u00a0\u00bbrow\u00a0\u00bb _builder_version=\u00a0\u00bb4.16&Prime; background_size=\u00a0\u00bbinitial\u00a0\u00bb background_position=\u00a0\u00bbtop_left\u00a0\u00bb background_repeat=\u00a0\u00bbrepeat\u00a0\u00bb custom_padding=\u00a0\u00bb0px||0px|\u00a0\u00bb make_fullwidth=\u00a0\u00bboff\u00a0\u00bb use_custom_width=\u00a0\u00bboff\u00a0\u00bb width_unit=\u00a0\u00bboff\u00a0\u00bb custom_width_px=\u00a0\u00bb1080px\u00a0\u00bb custom_width_percent=\u00a0\u00bb80%\u00a0\u00bb global_colors_info=\u00a0\u00bb{}\u00a0\u00bb][et_pb_column type=\u00a0\u00bb4_4&Prime; _builder_version=\u00a0\u00bb4.16&Prime; custom_padding=\u00a0\u00bb|||\u00a0\u00bb global_colors_info=\u00a0\u00bb{}\u00a0\u00bb custom_padding__hover=\u00a0\u00bb|||\u00a0\u00bb][et_pb_text admin_label=\u00a0\u00bbTexte\u00a0\u00bb _builder_version=\u00a0\u00bb4.16&Prime; background_size=\u00a0\u00bbinitial\u00a0\u00bb background_position=\u00a0\u00bbtop_left\u00a0\u00bb background_repeat=\u00a0\u00bbrepeat\u00a0\u00bb min_height=\u00a0\u00bb43px\u00a0\u00bb use_border_color=\u00a0\u00bboff\u00a0\u00bb border_color=\u00a0\u00bb#ffffff\u00a0\u00bb border_style=\u00a0\u00bbsolid\u00a0\u00bb global_colors_info=\u00a0\u00bb{}\u00a0\u00bb]Le Yeelen cherche \u00e0 utiliser le foot comme un vecteur d\u2019\u00e9ducation et de d\u00e9veloppement.[\/et_pb_text][\/et_pb_column][\/et_pb_row][\/et_pb_section][et_pb_section fb_built=\u00a0\u00bb1&Prime; custom_padding_last_edited=\u00a0\u00bbon|desktop\u00a0\u00bb admin_label=\u00a0\u00bbsection\u00a0\u00bb _builder_version=\u00a0\u00bb4.16&Prime; custom_padding=\u00a0\u00bb12px|0px|54px|0px\u00a0\u00bb custom_padding_tablet=\u00a0\u00bb50px|0|50px|0&Prime; custom_padding_phone=\u00a0\u00bb0px|0|0px|0|false|false\u00a0\u00bb transparent_background=\u00a0\u00bboff\u00a0\u00bb make_fullwidth=\u00a0\u00bboff\u00a0\u00bb use_custom_width=\u00a0\u00bboff\u00a0\u00bb width_unit=\u00a0\u00bboff\u00a0\u00bb custom_width_px=\u00a0\u00bb1080px\u00a0\u00bb custom_width_percent=\u00a0\u00bb80%\u00a0\u00bb global_colors_info=\u00a0\u00bb{}\u00a0\u00bb][et_pb_row column_structure=\u00a0\u00bb1_3,1_3,1_3&Prime; padding_mobile=\u00a0\u00bboff\u00a0\u00bb column_padding_mobile=\u00a0\u00bbon\u00a0\u00bb admin_label=\u00a0\u00bbrow\u00a0\u00bb _builder_version=\u00a0\u00bb4.16&Prime; background_size=\u00a0\u00bbinitial\u00a0\u00bb background_position=\u00a0\u00bbtop_left\u00a0\u00bb background_repeat=\u00a0\u00bbrepeat\u00a0\u00bb make_fullwidth=\u00a0\u00bboff\u00a0\u00bb use_custom_width=\u00a0\u00bboff\u00a0\u00bb width_unit=\u00a0\u00bboff\u00a0\u00bb custom_width_px=\u00a0\u00bb1080px\u00a0\u00bb custom_width_percent=\u00a0\u00bb80%\u00a0\u00bb global_colors_info=\u00a0\u00bb{}\u00a0\u00bb][et_pb_column type=\u00a0\u00bb1_3&Prime; _builder_version=\u00a0\u00bb4.16&Prime; custom_padding=\u00a0\u00bb|||\u00a0\u00bb global_colors_info=\u00a0\u00bb{}\u00a0\u00bb custom_padding__hover=\u00a0\u00bb|||\u00a0\u00bb][et_pb_blurb title=\u00a0\u00bbUn constat alarmant\u00a0\u00bb image_icon_width=\u00a0\u00bbnone\u00a0\u00bb admin_label=\u00a0\u00bbR\u00e9sum\u00e9\u00a0\u00bb _builder_version=\u00a0\u00bb4.16&Prime; background_size=\u00a0\u00bbinitial\u00a0\u00bb background_position=\u00a0\u00bbtop_left\u00a0\u00bb background_repeat=\u00a0\u00bbrepeat\u00a0\u00bb use_border_color=\u00a0\u00bboff\u00a0\u00bb border_color=\u00a0\u00bb#ffffff\u00a0\u00bb border_width=\u00a0\u00bb1px\u00a0\u00bb border_style=\u00a0\u00bbsolid\u00a0\u00bb image_max_width=\u00a0\u00bbnone\u00a0\u00bb global_colors_info=\u00a0\u00bb{}\u00a0\u00bb]Le football et le r\u00eave d\u2019en faire son m\u00e9tier poussent de plus en plus de jeunes \u00e0 abandonner l\u2019\u00e9cole<\/p>\n<p>Des joueurs tentent l\u2019aventure du football europ\u00e9en sans \u00eatre arm\u00e9s pour r\u00e9ussir[\/et_pb_blurb][\/et_pb_column][et_pb_column type=\u00a0\u00bb1_3&Prime; _builder_version=\u00a0\u00bb4.16&Prime; custom_padding=\u00a0\u00bb|||\u00a0\u00bb global_colors_info=\u00a0\u00bb{}\u00a0\u00bb custom_padding__hover=\u00a0\u00bb|||\u00a0\u00bb][et_pb_blurb title=\u00a0\u00bbNotre objectif\u00a0\u00bb image_icon_width=\u00a0\u00bbnone\u00a0\u00bb admin_label=\u00a0\u00bbR\u00e9sum\u00e9\u00a0\u00bb _builder_version=\u00a0\u00bb4.16&Prime; background_size=\u00a0\u00bbinitial\u00a0\u00bb background_position=\u00a0\u00bbtop_left\u00a0\u00bb background_repeat=\u00a0\u00bbrepeat\u00a0\u00bb use_border_color=\u00a0\u00bboff\u00a0\u00bb border_color=\u00a0\u00bb#ffffff\u00a0\u00bb border_width=\u00a0\u00bb1px\u00a0\u00bb border_style=\u00a0\u00bbsolid\u00a0\u00bb image_max_width=\u00a0\u00bbnone\u00a0\u00bb global_colors_info=\u00a0\u00bb{}\u00a0\u00bb]Les meilleurs de nos joueurs r\u00e9ussiront dans le football professionnel<\/p>\n<p>Tous les stagiaires acqui\u00e8rent en parall\u00e8le une formation acad\u00e9mique ou professionnelle afin de leur donner un maximum de chances de r\u00e9ussir leur vie professionnelle en dehors du football[\/et_pb_blurb][\/et_pb_column][et_pb_column type=\u00a0\u00bb1_3&Prime; _builder_version=\u00a0\u00bb4.16&Prime; custom_padding=\u00a0\u00bb|||\u00a0\u00bb global_colors_info=\u00a0\u00bb{}\u00a0\u00bb custom_padding__hover=\u00a0\u00bb|||\u00a0\u00bb][et_pb_blurb title=\u00a0\u00bbNotre r\u00e9ponse\u00a0\u00bb image_icon_width=\u00a0\u00bbnone\u00a0\u00bb admin_label=\u00a0\u00bbR\u00e9sum\u00e9\u00a0\u00bb _builder_version=\u00a0\u00bb4.16&Prime; background_size=\u00a0\u00bbinitial\u00a0\u00bb background_position=\u00a0\u00bbtop_left\u00a0\u00bb background_repeat=\u00a0\u00bbrepeat\u00a0\u00bb use_border_color=\u00a0\u00bboff\u00a0\u00bb border_color=\u00a0\u00bb#ffffff\u00a0\u00bb border_width=\u00a0\u00bb1px\u00a0\u00bb border_style=\u00a0\u00bbsolid\u00a0\u00bb image_max_width=\u00a0\u00bbnone\u00a0\u00bb global_colors_info=\u00a0\u00bb{}\u00a0\u00bb]Agir localement en offrant une formation gratuite, \u00e9quilibr\u00e9e entre football et \u00e9tudes, permettant d\u2019offrir des perspectives professionnelles aux jeunes<\/p>\n<ul>\n<li>Formation sportive<\/li>\n<li>Suivi &amp; soutien scolaire<\/li>\n<li>Suivi m\u00e9dical<\/li>\n<li>Internat<\/li>\n<\/ul>\n<p>[\/et_pb_blurb][\/et_pb_column][\/et_pb_row][\/et_pb_section][et_pb_section fb_built=\u00a0\u00bb1&Prime; fullwidth=\u00a0\u00bbon\u00a0\u00bb custom_padding_last_edited=\u00a0\u00bbon|desktop\u00a0\u00bb admin_label=\u00a0\u00bbsection\u00a0\u00bb _builder_version=\u00a0\u00bb4.16&Prime; background_video_mp4=\u00a0\u00bbhttp:\/\/www.football-solidaire.com\/wp-content\/uploads\/2015\/05\/echauffement.mp4&Prime; custom_padding_tablet=\u00a0\u00bb50px|0|50px|0&Prime; custom_padding_phone=\u00a0\u00bb\u00a0\u00bb transparent_background=\u00a0\u00bboff\u00a0\u00bb padding_mobile=\u00a0\u00bboff\u00a0\u00bb make_fullwidth=\u00a0\u00bboff\u00a0\u00bb use_custom_width=\u00a0\u00bboff\u00a0\u00bb width_unit=\u00a0\u00bbon\u00a0\u00bb custom_width_px=\u00a0\u00bb1080px\u00a0\u00bb custom_width_percent=\u00a0\u00bb80%\u00a0\u00bb global_colors_info=\u00a0\u00bb{}\u00a0\u00bb][et_pb_fullwidth_header header_fullscreen=\u00a0\u00bbon\u00a0\u00bb content_max_width=\u00a0\u00bbnone\u00a0\u00bb admin_label=\u00a0\u00bbEn-t\u00eate plein \u00e9cran\u00a0\u00bb _builder_version=\u00a0\u00bb4.16&Prime; background_color=\u00a0\u00bbrgba(255, 255, 255, 0)\u00a0\u00bb background_image=\u00a0\u00bbhttp:\/\/www.football-solidaire.com\/wp-content\/uploads\/2015\/05\/Coupe-du-Ministre-personnes-ag\u00e9es-Echauffement2-2008.jpg\u00a0\u00bb background_layout=\u00a0\u00bblight\u00a0\u00bb button_one_letter_spacing_hover=\u00a0\u00bb0&Prime; button_two_letter_spacing_hover=\u00a0\u00bb0&Prime; background_url=\u00a0\u00bbhttp:\/\/www.football-solidaire.com\/wp-content\/uploads\/2015\/05\/Coupe-du-Ministre-personnes-ag\u00e9es-Echauffement2-2008.jpg\u00a0\u00bb global_colors_info=\u00a0\u00bb{}\u00a0\u00bb button_one_text_size__hover_enabled=\u00a0\u00bboff\u00a0\u00bb button_two_text_size__hover_enabled=\u00a0\u00bboff\u00a0\u00bb button_one_text_color__hover_enabled=\u00a0\u00bboff\u00a0\u00bb button_two_text_color__hover_enabled=\u00a0\u00bboff\u00a0\u00bb button_one_border_width__hover_enabled=\u00a0\u00bboff\u00a0\u00bb button_two_border_width__hover_enabled=\u00a0\u00bboff\u00a0\u00bb button_one_border_color__hover_enabled=\u00a0\u00bboff\u00a0\u00bb button_two_border_color__hover_enabled=\u00a0\u00bboff\u00a0\u00bb button_one_border_radius__hover_enabled=\u00a0\u00bboff\u00a0\u00bb button_two_border_radius__hover_enabled=\u00a0\u00bboff\u00a0\u00bb button_one_letter_spacing__hover_enabled=\u00a0\u00bbon\u00a0\u00bb button_one_letter_spacing__hover=\u00a0\u00bb0&Prime; button_two_letter_spacing__hover_enabled=\u00a0\u00bbon\u00a0\u00bb button_two_letter_spacing__hover=\u00a0\u00bb0&Prime; button_one_bg_color__hover_enabled=\u00a0\u00bboff\u00a0\u00bb button_two_bg_color__hover_enabled=\u00a0\u00bboff\u00a0\u00bb] [\/et_pb_fullwidth_header][\/et_pb_section][et_pb_section fb_built=\u00a0\u00bb1&Prime; custom_padding_last_edited=\u00a0\u00bbon|desktop\u00a0\u00bb admin_label=\u00a0\u00bbsection\u00a0\u00bb module_id=\u00a0\u00bbHistoire\u00a0\u00bb _builder_version=\u00a0\u00bb4.16&Prime; custom_padding=\u00a0\u00bb54px|0px|20px|0px\u00a0\u00bb custom_padding_tablet=\u00a0\u00bb50px|0|50px|0&Prime; custom_padding_phone=\u00a0\u00bb\u00a0\u00bb transparent_background=\u00a0\u00bboff\u00a0\u00bb padding_mobile=\u00a0\u00bboff\u00a0\u00bb make_fullwidth=\u00a0\u00bboff\u00a0\u00bb use_custom_width=\u00a0\u00bboff\u00a0\u00bb width_unit=\u00a0\u00bboff\u00a0\u00bb custom_width_px=\u00a0\u00bb1080px\u00a0\u00bb custom_width_percent=\u00a0\u00bb80%\u00a0\u00bb global_colors_info=\u00a0\u00bb{}\u00a0\u00bb][et_pb_row padding_mobile=\u00a0\u00bboff\u00a0\u00bb column_padding_mobile=\u00a0\u00bbon\u00a0\u00bb admin_label=\u00a0\u00bbrow\u00a0\u00bb _builder_version=\u00a0\u00bb4.16&Prime; background_size=\u00a0\u00bbinitial\u00a0\u00bb background_position=\u00a0\u00bbtop_left\u00a0\u00bb background_repeat=\u00a0\u00bbrepeat\u00a0\u00bb make_fullwidth=\u00a0\u00bboff\u00a0\u00bb use_custom_width=\u00a0\u00bboff\u00a0\u00bb width_unit=\u00a0\u00bboff\u00a0\u00bb custom_width_px=\u00a0\u00bb1080px\u00a0\u00bb custom_width_percent=\u00a0\u00bb80%\u00a0\u00bb global_colors_info=\u00a0\u00bb{}\u00a0\u00bb][et_pb_column type=\u00a0\u00bb4_4&Prime; _builder_version=\u00a0\u00bb4.16&Prime; custom_padding=\u00a0\u00bb|||\u00a0\u00bb global_colors_info=\u00a0\u00bb{}\u00a0\u00bb custom_padding__hover=\u00a0\u00bb|||\u00a0\u00bb][et_pb_text admin_label=\u00a0\u00bbTitre Histoire\u00a0\u00bb _builder_version=\u00a0\u00bb4.16&Prime; text_font=\u00a0\u00bbOswald|700|||||||\u00a0\u00bb text_font_size=\u00a0\u00bb30px\u00a0\u00bb background_size=\u00a0\u00bbinitial\u00a0\u00bb background_position=\u00a0\u00bbtop_left\u00a0\u00bb background_repeat=\u00a0\u00bbrepeat\u00a0\u00bb use_border_color=\u00a0\u00bboff\u00a0\u00bb border_style=\u00a0\u00bbsolid\u00a0\u00bb global_colors_info=\u00a0\u00bb{}\u00a0\u00bb]Notre histoire[\/et_pb_text][\/et_pb_column][\/et_pb_row][et_pb_row padding_mobile=\u00a0\u00bboff\u00a0\u00bb column_padding_mobile=\u00a0\u00bbon\u00a0\u00bb admin_label=\u00a0\u00bbrow\u00a0\u00bb _builder_version=\u00a0\u00bb4.16&Prime; background_size=\u00a0\u00bbinitial\u00a0\u00bb background_position=\u00a0\u00bbtop_left\u00a0\u00bb background_repeat=\u00a0\u00bbrepeat\u00a0\u00bb custom_padding=\u00a0\u00bb0px||0px|\u00a0\u00bb make_fullwidth=\u00a0\u00bboff\u00a0\u00bb use_custom_width=\u00a0\u00bboff\u00a0\u00bb width_unit=\u00a0\u00bboff\u00a0\u00bb custom_width_px=\u00a0\u00bb1080px\u00a0\u00bb custom_width_percent=\u00a0\u00bb80%\u00a0\u00bb global_colors_info=\u00a0\u00bb{}\u00a0\u00bb][et_pb_column type=\u00a0\u00bb4_4&Prime; _builder_version=\u00a0\u00bb4.16&Prime; custom_padding=\u00a0\u00bb|||\u00a0\u00bb global_colors_info=\u00a0\u00bb{}\u00a0\u00bb custom_padding__hover=\u00a0\u00bb|||\u00a0\u00bb][et_pb_text admin_label=\u00a0\u00bbTexte\u00a0\u00bb _builder_version=\u00a0\u00bb4.16&Prime; background_size=\u00a0\u00bbinitial\u00a0\u00bb background_position=\u00a0\u00bbtop_left\u00a0\u00bb background_repeat=\u00a0\u00bbrepeat\u00a0\u00bb use_border_color=\u00a0\u00bboff\u00a0\u00bb border_style=\u00a0\u00bbsolid\u00a0\u00bb global_colors_info=\u00a0\u00bb{}\u00a0\u00bb]Le Yeelen en quelques dates cl\u00e9s[\/et_pb_text][\/et_pb_column][\/et_pb_row][\/et_pb_section][et_pb_section fb_built=\u00a0\u00bb1&Prime; custom_padding_last_edited=\u00a0\u00bbon|desktop\u00a0\u00bb admin_label=\u00a0\u00bbsection\u00a0\u00bb _builder_version=\u00a0\u00bb4.16&Prime; custom_padding=\u00a0\u00bb0px|0px|54px|0px\u00a0\u00bb custom_padding_tablet=\u00a0\u00bb50px|0|50px|0&Prime; custom_padding_phone=\u00a0\u00bb\u00a0\u00bb transparent_background=\u00a0\u00bboff\u00a0\u00bb padding_mobile=\u00a0\u00bboff\u00a0\u00bb make_fullwidth=\u00a0\u00bboff\u00a0\u00bb use_custom_width=\u00a0\u00bboff\u00a0\u00bb width_unit=\u00a0\u00bboff\u00a0\u00bb custom_width_px=\u00a0\u00bb1080px\u00a0\u00bb custom_width_percent=\u00a0\u00bb80%\u00a0\u00bb global_colors_info=\u00a0\u00bb{}\u00a0\u00bb][et_pb_row padding_mobile=\u00a0\u00bboff\u00a0\u00bb column_padding_mobile=\u00a0\u00bbon\u00a0\u00bb admin_label=\u00a0\u00bbrow\u00a0\u00bb _builder_version=\u00a0\u00bb4.16&Prime; background_size=\u00a0\u00bbinitial\u00a0\u00bb background_position=\u00a0\u00bbtop_left\u00a0\u00bb background_repeat=\u00a0\u00bbrepeat\u00a0\u00bb custom_padding=\u00a0\u00bb0px|0px|27px|0px\u00a0\u00bb make_fullwidth=\u00a0\u00bboff\u00a0\u00bb use_custom_width=\u00a0\u00bboff\u00a0\u00bb width_unit=\u00a0\u00bboff\u00a0\u00bb custom_width_px=\u00a0\u00bb1080px\u00a0\u00bb custom_width_percent=\u00a0\u00bb80%\u00a0\u00bb global_colors_info=\u00a0\u00bb{}\u00a0\u00bb][et_pb_column type=\u00a0\u00bb4_4&Prime; _builder_version=\u00a0\u00bb4.16&Prime; custom_padding=\u00a0\u00bb|||\u00a0\u00bb global_colors_info=\u00a0\u00bb{}\u00a0\u00bb custom_padding__hover=\u00a0\u00bb|||\u00a0\u00bb][et_pb_accordion admin_label=\u00a0\u00bbAccord\u00e9on histoire du yeelen\u00a0\u00bb _builder_version=\u00a0\u00bb4.16&Prime; use_border_color=\u00a0\u00bboff\u00a0\u00bb border_color=\u00a0\u00bb#ffffff\u00a0\u00bb border_style=\u00a0\u00bbsolid\u00a0\u00bb global_colors_info=\u00a0\u00bb{}\u00a0\u00bb][et_pb_accordion_item title=\u00a0\u00bb2003-2004&Prime; open=\u00a0\u00bbon\u00a0\u00bb _builder_version=\u00a0\u00bb4.16&Prime; use_border_color=\u00a0\u00bboff\u00a0\u00bb border_color=\u00a0\u00bb#ffffff\u00a0\u00bb border_width=\u00a0\u00bb1px\u00a0\u00bb border_style=\u00a0\u00bbsolid\u00a0\u00bb global_colors_info=\u00a0\u00bb{}\u00a0\u00bb]Ao\u00fbt 2003 : Cr\u00e9ation de l\u2019association support du centre Yeelen au Mali<\/p>\n<p>F\u00e9vrier 2004 : Premier match officiel du Yeelen Olympique[\/et_pb_accordion_item][et_pb_accordion_item title=\u00a0\u00bb2006-2007&Prime; _builder_version=\u00a0\u00bb4.16&Prime; use_border_color=\u00a0\u00bboff\u00a0\u00bb border_color=\u00a0\u00bb#ffffff\u00a0\u00bb border_width=\u00a0\u00bb1px\u00a0\u00bb border_style=\u00a0\u00bbsolid\u00a0\u00bb global_colors_info=\u00a0\u00bb{}\u00a0\u00bb open=\u00a0\u00bboff\u00a0\u00bb]Novembre 2006 : Premier titre pour le Yeelen avec une victoire en finale de la Coupe Acefoot<\/p>\n<p>D\u00e9cembre 2006 : D\u00e9but du partenariat entre la Principaut\u00e9 de Monaco et le Yeelen<\/p>\n<p>Juin 2007 :\u00a0Yeelen est champion de D3 et acc\u00e8de \u00e0 la deuxi\u00e8me division[\/et_pb_accordion_item][et_pb_accordion_item title=\u00a0\u00bb2008-2009&Prime; _builder_version=\u00a0\u00bb4.16&Prime; use_border_color=\u00a0\u00bboff\u00a0\u00bb border_color=\u00a0\u00bb#ffffff\u00a0\u00bb border_width=\u00a0\u00bb1px\u00a0\u00bb border_style=\u00a0\u00bbsolid\u00a0\u00bb global_colors_info=\u00a0\u00bb{}\u00a0\u00bb open=\u00a0\u00bboff\u00a0\u00bb]Avril 2009 : Yeelen et la fondation Kanout\u00e9 concluent un partenariat mettant \u00e0 disposition du Yeelen gratuitement un terrain de 2ha[\/et_pb_accordion_item][et_pb_accordion_item title=\u00a0\u00bb2010-2011&Prime; _builder_version=\u00a0\u00bb4.16&Prime; use_border_color=\u00a0\u00bboff\u00a0\u00bb border_color=\u00a0\u00bb#ffffff\u00a0\u00bb border_width=\u00a0\u00bb1px\u00a0\u00bb border_style=\u00a0\u00bbsolid\u00a0\u00bb global_colors_info=\u00a0\u00bb{}\u00a0\u00bb open=\u00a0\u00bboff\u00a0\u00bb]Octobre 2010 : Ouverture de l\u2019internat (locaux temporaires)[\/et_pb_accordion_item][et_pb_accordion_item title=\u00a0\u00bb2011-2012&Prime; _builder_version=\u00a0\u00bb4.16&Prime; use_border_color=\u00a0\u00bboff\u00a0\u00bb border_color=\u00a0\u00bb#ffffff\u00a0\u00bb border_width=\u00a0\u00bb1px\u00a0\u00bb border_style=\u00a0\u00bbsolid\u00a0\u00bb global_colors_info=\u00a0\u00bb{}\u00a0\u00bb open=\u00a0\u00bboff\u00a0\u00bb]F\u00e9vrier 2012 : Inauguration du centre d\u2019entra\u00eenement Yacouba Sangar\u00e9\u00a0 par S.A.S. le Prince Albert II de Monaco[\/et_pb_accordion_item][et_pb_accordion_item title=\u00a0\u00bb2012-2013&Prime; _builder_version=\u00a0\u00bb4.16&Prime; use_border_color=\u00a0\u00bboff\u00a0\u00bb border_color=\u00a0\u00bb#ffffff\u00a0\u00bb border_width=\u00a0\u00bb1px\u00a0\u00bb border_style=\u00a0\u00bbsolid\u00a0\u00bb global_colors_info=\u00a0\u00bb{}\u00a0\u00bb open=\u00a0\u00bboff\u00a0\u00bb]Mars\u00a02013 : Adama Niane, form\u00e9 au Yeelen, signe un contrat professionnel au sein du FC Nantes<\/p>\n<p>Avril 2013 : le Yeelen \u00e9limine un club de D1 en Coupe du Mali et poursuivra son parcours jusqu&rsquo;en 1\/8e de finale[\/et_pb_accordion_item][et_pb_accordion_item title=\u00a0\u00bb2014-2015&Prime; _builder_version=\u00a0\u00bb4.16&Prime; use_border_color=\u00a0\u00bboff\u00a0\u00bb border_color=\u00a0\u00bb#ffffff\u00a0\u00bb border_width=\u00a0\u00bb1px\u00a0\u00bb border_style=\u00a0\u00bbsolid\u00a0\u00bb global_colors_info=\u00a0\u00bb{}\u00a0\u00bb open=\u00a0\u00bboff\u00a0\u00bb]Septembre 2014 : Ouverture de l&rsquo;internat au sein du Centre d&rsquo;entra\u00eenement Yacouba Sangar\u00e9<\/p>\n<p>Janvier 2015 : Mohamed Guilavogui et Amadou Coulibaly form\u00e9s au Yeelen, signent un contrat stagiaire au sein des clubs de Montpellier HSC (France\u00a0 &#8211; Ligue 1) et du FC Nantes (France\u00a0 &#8211; Ligue 1)[\/et_pb_accordion_item][et_pb_accordion_item title=\u00a0\u00bb2015-2016&Prime; _builder_version=\u00a0\u00bb4.16&Prime; use_border_color=\u00a0\u00bboff\u00a0\u00bb border_color=\u00a0\u00bb#ffffff\u00a0\u00bb border_width=\u00a0\u00bb1px\u00a0\u00bb border_style=\u00a0\u00bbsolid\u00a0\u00bb global_colors_info=\u00a0\u00bb{}\u00a0\u00bb open=\u00a0\u00bboff\u00a0\u00bb]Ousmane Diakite et Mamady Diarra (joueurs du Yeelen), ainsi qu&rsquo;Adama Diallo (coach du Yeleen) sont vice-champions du monde avec l&rsquo;\u00e9quipe nationale U17 du Mali. Adama Diallo est \u00e9galement champion d&rsquo;Afrique.[\/et_pb_accordion_item][et_pb_accordion_item title=\u00a0\u00bb2016-2017&Prime; _builder_version=\u00a0\u00bb4.16&Prime; use_border_color=\u00a0\u00bboff\u00a0\u00bb border_color=\u00a0\u00bb#ffffff\u00a0\u00bb border_width=\u00a0\u00bb1px\u00a0\u00bb border_style=\u00a0\u00bbsolid\u00a0\u00bb global_colors_info=\u00a0\u00bb{}\u00a0\u00bb open=\u00a0\u00bboff\u00a0\u00bb]Adama Niane, form\u00e9 au Yeelen, est le meilleur buteur de Ligue 2 sous les couleurs de Troyes<\/p>\n<p>Moussa Djenepo rejoint le Standard de Li\u00e8ge[\/et_pb_accordion_item][et_pb_accordion_item title=\u00a0\u00bb2017-2018&Prime; _builder_version=\u00a0\u00bb4.16&Prime; use_border_color=\u00a0\u00bboff\u00a0\u00bb border_color=\u00a0\u00bb#ffffff\u00a0\u00bb border_width=\u00a0\u00bb1px\u00a0\u00bb border_style=\u00a0\u00bbsolid\u00a0\u00bb global_colors_info=\u00a0\u00bb{}\u00a0\u00bb open=\u00a0\u00bboff\u00a0\u00bb]Le Yeelen est Champion de Bamako puis remporte le tournoi de mont\u00e9e. Yeelen acc\u00e8de \u00e0 la premi\u00e8re division pour la premi\u00e8re fois de son histoire.<\/p>\n<p>Adama Niane, Moussa Djenepo, Falaye Sacko et Souleymane Diarra, tous les 4 form\u00e9s au yeelen, obtiennent leurs premi\u00e8res s\u00e9lections avec l&rsquo;\u00e9quipe nationale du Mali !<\/p>\n<p>Mamadou Samake et Hadji Dram\u00e9 sont champions d&rsquo;Afrique U17 et demi-finalistes de la Coupe du Monde U17.<\/p>\n<p>Youba Diarra signe un contrat professionnel longue dur\u00e9e avec RedBull Salzburg[\/et_pb_accordion_item][et_pb_accordion_item title=\u00a0\u00bb2018-2019&Prime; _builder_version=\u00a0\u00bb4.16&Prime; global_colors_info=\u00a0\u00bb{}\u00a0\u00bb open=\u00a0\u00bboff\u00a0\u00bb]Ousmane Diakit\u00e9, Mamadou Samake et Hadji Dram\u00e9 sont champions d&rsquo;Afrique U20 et quarts de finaliste de la Coupe du Monde U20\/<\/p>\n<p>Mamady Diarra et Amadou Dant\u00e9 signent des contrats professionnels avec Cadiz et Hartberg.<\/p>\n<p>Moussa Djenepo rejoint la premi\u00e8re ligue anglaise.[\/et_pb_accordion_item][\/et_pb_accordion][\/et_pb_column][\/et_pb_row][\/et_pb_section][et_pb_section fb_built=\u00a0\u00bb1&Prime; fullwidth=\u00a0\u00bbon\u00a0\u00bb custom_padding_last_edited=\u00a0\u00bbon|desktop\u00a0\u00bb admin_label=\u00a0\u00bbsection\u00a0\u00bb _builder_version=\u00a0\u00bb4.16&Prime; custom_padding_tablet=\u00a0\u00bb50px|0|50px|0&Prime; custom_padding_phone=\u00a0\u00bb\u00a0\u00bb transparent_background=\u00a0\u00bboff\u00a0\u00bb padding_mobile=\u00a0\u00bboff\u00a0\u00bb make_fullwidth=\u00a0\u00bboff\u00a0\u00bb use_custom_width=\u00a0\u00bboff\u00a0\u00bb width_unit=\u00a0\u00bbon\u00a0\u00bb custom_width_px=\u00a0\u00bb1080px\u00a0\u00bb custom_width_percent=\u00a0\u00bb80%\u00a0\u00bb global_colors_info=\u00a0\u00bb{}\u00a0\u00bb][et_pb_fullwidth_header header_fullscreen=\u00a0\u00bbon\u00a0\u00bb content_max_width=\u00a0\u00bbnone\u00a0\u00bb admin_label=\u00a0\u00bbVid\u00e9o plein \u00e9cran\u00a0\u00bb _builder_version=\u00a0\u00bb4.16&Prime; background_color=\u00a0\u00bbrgba(255, 255, 255, 0)\u00a0\u00bb background_image=\u00a0\u00bbhttp:\/\/www.football-solidaire.com\/wp-content\/uploads\/2015\/05\/mady_wc2015.jpg\u00a0\u00bb background_layout=\u00a0\u00bblight\u00a0\u00bb button_one_letter_spacing_hover=\u00a0\u00bb0&Prime; button_two_letter_spacing_hover=\u00a0\u00bb0&Prime; background_url=\u00a0\u00bbhttp:\/\/www.football-solidaire.com\/wp-content\/uploads\/2015\/05\/mady_wc2015.jpg\u00a0\u00bb global_colors_info=\u00a0\u00bb{}\u00a0\u00bb button_one_text_size__hover_enabled=\u00a0\u00bboff\u00a0\u00bb button_two_text_size__hover_enabled=\u00a0\u00bboff\u00a0\u00bb button_one_text_color__hover_enabled=\u00a0\u00bboff\u00a0\u00bb button_two_text_color__hover_enabled=\u00a0\u00bboff\u00a0\u00bb button_one_border_width__hover_enabled=\u00a0\u00bboff\u00a0\u00bb button_two_border_width__hover_enabled=\u00a0\u00bboff\u00a0\u00bb button_one_border_color__hover_enabled=\u00a0\u00bboff\u00a0\u00bb button_two_border_color__hover_enabled=\u00a0\u00bboff\u00a0\u00bb button_one_border_radius__hover_enabled=\u00a0\u00bboff\u00a0\u00bb button_two_border_radius__hover_enabled=\u00a0\u00bboff\u00a0\u00bb button_one_letter_spacing__hover_enabled=\u00a0\u00bbon\u00a0\u00bb button_one_letter_spacing__hover=\u00a0\u00bb0&Prime; button_two_letter_spacing__hover_enabled=\u00a0\u00bbon\u00a0\u00bb button_two_letter_spacing__hover=\u00a0\u00bb0&Prime; button_one_bg_color__hover_enabled=\u00a0\u00bboff\u00a0\u00bb button_two_bg_color__hover_enabled=\u00a0\u00bboff\u00a0\u00bb] [\/et_pb_fullwidth_header][\/et_pb_section][et_pb_section fb_built=\u00a0\u00bb1&Prime; custom_padding_last_edited=\u00a0\u00bbon|desktop\u00a0\u00bb admin_label=\u00a0\u00bbsection\u00a0\u00bb module_id=\u00a0\u00bbActions\u00a0\u00bb _builder_version=\u00a0\u00bb4.16&Prime; custom_padding=\u00a0\u00bb54px|0px|0px|0px\u00a0\u00bb custom_padding_tablet=\u00a0\u00bb50px|0|50px|0&Prime; custom_padding_phone=\u00a0\u00bb\u00a0\u00bb transparent_background=\u00a0\u00bboff\u00a0\u00bb padding_mobile=\u00a0\u00bboff\u00a0\u00bb make_fullwidth=\u00a0\u00bboff\u00a0\u00bb use_custom_width=\u00a0\u00bboff\u00a0\u00bb width_unit=\u00a0\u00bboff\u00a0\u00bb custom_width_px=\u00a0\u00bb1080px\u00a0\u00bb custom_width_percent=\u00a0\u00bb80%\u00a0\u00bb global_colors_info=\u00a0\u00bb{}\u00a0\u00bb][et_pb_row padding_mobile=\u00a0\u00bboff\u00a0\u00bb column_padding_mobile=\u00a0\u00bbon\u00a0\u00bb admin_label=\u00a0\u00bbrow\u00a0\u00bb _builder_version=\u00a0\u00bb4.16&Prime; background_size=\u00a0\u00bbinitial\u00a0\u00bb background_position=\u00a0\u00bbtop_left\u00a0\u00bb background_repeat=\u00a0\u00bbrepeat\u00a0\u00bb make_fullwidth=\u00a0\u00bboff\u00a0\u00bb use_custom_width=\u00a0\u00bboff\u00a0\u00bb width_unit=\u00a0\u00bboff\u00a0\u00bb custom_width_px=\u00a0\u00bb1080px\u00a0\u00bb custom_width_percent=\u00a0\u00bb80%\u00a0\u00bb global_colors_info=\u00a0\u00bb{}\u00a0\u00bb][et_pb_column type=\u00a0\u00bb4_4&Prime; _builder_version=\u00a0\u00bb4.16&Prime; custom_padding=\u00a0\u00bb|||\u00a0\u00bb global_colors_info=\u00a0\u00bb{}\u00a0\u00bb custom_padding__hover=\u00a0\u00bb|||\u00a0\u00bb][et_pb_text admin_label=\u00a0\u00bbTitre Actions\u00a0\u00bb _builder_version=\u00a0\u00bb4.16&Prime; text_font=\u00a0\u00bbOswald|700|||||||\u00a0\u00bb text_font_size=\u00a0\u00bb30px\u00a0\u00bb background_size=\u00a0\u00bbinitial\u00a0\u00bb background_position=\u00a0\u00bbtop_left\u00a0\u00bb background_repeat=\u00a0\u00bbrepeat\u00a0\u00bb use_border_color=\u00a0\u00bboff\u00a0\u00bb border_style=\u00a0\u00bbsolid\u00a0\u00bb global_colors_info=\u00a0\u00bb{}\u00a0\u00bb]Nos actions[\/et_pb_text][\/et_pb_column][\/et_pb_row][\/et_pb_section][et_pb_section fb_built=\u00a0\u00bb1&Prime; custom_padding_last_edited=\u00a0\u00bbon|desktop\u00a0\u00bb admin_label=\u00a0\u00bbsection\u00a0\u00bb _builder_version=\u00a0\u00bb4.16&Prime; custom_padding=\u00a0\u00bb0px|0px|54px|0px\u00a0\u00bb custom_padding_tablet=\u00a0\u00bb50px|0|50px|0&Prime; custom_padding_phone=\u00a0\u00bb\u00a0\u00bb transparent_background=\u00a0\u00bboff\u00a0\u00bb padding_mobile=\u00a0\u00bboff\u00a0\u00bb make_fullwidth=\u00a0\u00bboff\u00a0\u00bb use_custom_width=\u00a0\u00bboff\u00a0\u00bb width_unit=\u00a0\u00bboff\u00a0\u00bb custom_width_px=\u00a0\u00bb1080px\u00a0\u00bb custom_width_percent=\u00a0\u00bb80%\u00a0\u00bb global_colors_info=\u00a0\u00bb{}\u00a0\u00bb][et_pb_row column_structure=\u00a0\u00bb1_4,1_4,1_4,1_4&Prime; padding_mobile=\u00a0\u00bboff\u00a0\u00bb column_padding_mobile=\u00a0\u00bbon\u00a0\u00bb admin_label=\u00a0\u00bbrow\u00a0\u00bb _builder_version=\u00a0\u00bb4.16&Prime; background_size=\u00a0\u00bbinitial\u00a0\u00bb background_position=\u00a0\u00bbtop_left\u00a0\u00bb background_repeat=\u00a0\u00bbrepeat\u00a0\u00bb make_fullwidth=\u00a0\u00bboff\u00a0\u00bb use_custom_width=\u00a0\u00bboff\u00a0\u00bb width_unit=\u00a0\u00bboff\u00a0\u00bb custom_width_px=\u00a0\u00bb1080px\u00a0\u00bb custom_width_percent=\u00a0\u00bb80%\u00a0\u00bb global_colors_info=\u00a0\u00bb{}\u00a0\u00bb][et_pb_column type=\u00a0\u00bb1_4&Prime; _builder_version=\u00a0\u00bb4.16&Prime; custom_padding=\u00a0\u00bb|||\u00a0\u00bb global_colors_info=\u00a0\u00bb{}\u00a0\u00bb custom_padding__hover=\u00a0\u00bb|||\u00a0\u00bb][et_pb_number_counter title=\u00a0\u00bbDate de l&rsquo;inauguration du centre d\u2019entra\u00eenement Yacouba Sangar\u00e9 par S.A.S. le Prince Albert II de Monaco\u00a0\u00bb number=\u00a0\u00bb2012&Prime; percent_sign=\u00a0\u00bboff\u00a0\u00bb counter_color=\u00a0\u00bb#dd3333&Prime; admin_label=\u00a0\u00bbCompteur date inauguration\u00a0\u00bb _builder_version=\u00a0\u00bb4.16&Prime; background_size=\u00a0\u00bbinitial\u00a0\u00bb background_position=\u00a0\u00bbtop_left\u00a0\u00bb background_repeat=\u00a0\u00bbrepeat\u00a0\u00bb use_border_color=\u00a0\u00bboff\u00a0\u00bb border_color=\u00a0\u00bb#ffffff\u00a0\u00bb border_width=\u00a0\u00bb1px\u00a0\u00bb border_style=\u00a0\u00bbsolid\u00a0\u00bb global_colors_info=\u00a0\u00bb{}\u00a0\u00bb] [\/et_pb_number_counter][\/et_pb_column][et_pb_column type=\u00a0\u00bb1_4&Prime; _builder_version=\u00a0\u00bb4.16&Prime; custom_padding=\u00a0\u00bb|||\u00a0\u00bb global_colors_info=\u00a0\u00bb{}\u00a0\u00bb custom_padding__hover=\u00a0\u00bb|||\u00a0\u00bb][et_pb_number_counter title=\u00a0\u00bbLe nombre de professeurs qui interviennent chaque semaine au Yeelen \u00a0\u00bb number=\u00a0\u00bb6&Prime; percent_sign=\u00a0\u00bboff\u00a0\u00bb counter_color=\u00a0\u00bb#000000&Prime; admin_label=\u00a0\u00bbCompteur nombre de profs\u00a0\u00bb _builder_version=\u00a0\u00bb4.16&Prime; background_size=\u00a0\u00bbinitial\u00a0\u00bb background_position=\u00a0\u00bbtop_left\u00a0\u00bb background_repeat=\u00a0\u00bbrepeat\u00a0\u00bb use_border_color=\u00a0\u00bboff\u00a0\u00bb border_color=\u00a0\u00bb#ffffff\u00a0\u00bb border_width=\u00a0\u00bb1px\u00a0\u00bb border_style=\u00a0\u00bbsolid\u00a0\u00bb global_colors_info=\u00a0\u00bb{}\u00a0\u00bb] [\/et_pb_number_counter][\/et_pb_column][et_pb_column type=\u00a0\u00bb1_4&Prime; _builder_version=\u00a0\u00bb4.16&Prime; custom_padding=\u00a0\u00bb|||\u00a0\u00bb global_colors_info=\u00a0\u00bb{}\u00a0\u00bb custom_padding__hover=\u00a0\u00bb|||\u00a0\u00bb][et_pb_number_counter title=\u00a0\u00bbLe nombre de joueurs \u00e0 l\u2019universit\u00e9 cette ann\u00e9e\u00a0\u00bb number=\u00a0\u00bb13&Prime; percent_sign=\u00a0\u00bboff\u00a0\u00bb counter_color=\u00a0\u00bb#dd3333&Prime; admin_label=\u00a0\u00bbCompteur nombre\u00a0\u00bb _builder_version=\u00a0\u00bb4.16&Prime; background_size=\u00a0\u00bbinitial\u00a0\u00bb background_position=\u00a0\u00bbtop_left\u00a0\u00bb background_repeat=\u00a0\u00bbrepeat\u00a0\u00bb use_border_color=\u00a0\u00bboff\u00a0\u00bb border_color=\u00a0\u00bb#ffffff\u00a0\u00bb border_width=\u00a0\u00bb1px\u00a0\u00bb border_style=\u00a0\u00bbsolid\u00a0\u00bb global_colors_info=\u00a0\u00bb{}\u00a0\u00bb] [\/et_pb_number_counter][\/et_pb_column][et_pb_column type=\u00a0\u00bb1_4&Prime; _builder_version=\u00a0\u00bb4.16&Prime; custom_padding=\u00a0\u00bb|||\u00a0\u00bb global_colors_info=\u00a0\u00bb{}\u00a0\u00bb custom_padding__hover=\u00a0\u00bb|||\u00a0\u00bb][et_pb_number_counter title=\u00a0\u00bbLe nombre de joueurs form\u00e9s au Yeelen ayant \u00e9volu\u00e9 avec les s\u00e9lections nationales de jeunes du Mali\u00a0\u00bb number=\u00a0\u00bb17&Prime; percent_sign=\u00a0\u00bboff\u00a0\u00bb counter_color=\u00a0\u00bb#000000&Prime; admin_label=\u00a0\u00bbCompteur nombre\u00a0\u00bb _builder_version=\u00a0\u00bb4.16&Prime; background_size=\u00a0\u00bbinitial\u00a0\u00bb background_position=\u00a0\u00bbtop_left\u00a0\u00bb background_repeat=\u00a0\u00bbrepeat\u00a0\u00bb use_border_color=\u00a0\u00bboff\u00a0\u00bb border_color=\u00a0\u00bb#ffffff\u00a0\u00bb border_width=\u00a0\u00bb1px\u00a0\u00bb border_style=\u00a0\u00bbsolid\u00a0\u00bb global_colors_info=\u00a0\u00bb{}\u00a0\u00bb] [\/et_pb_number_counter][\/et_pb_column][\/et_pb_row][et_pb_row column_structure=\u00a0\u00bb1_2,1_2&Prime; padding_mobile=\u00a0\u00bboff\u00a0\u00bb column_padding_mobile=\u00a0\u00bbon\u00a0\u00bb admin_label=\u00a0\u00bbrow\u00a0\u00bb _builder_version=\u00a0\u00bb4.16&Prime; background_size=\u00a0\u00bbinitial\u00a0\u00bb background_position=\u00a0\u00bbtop_left\u00a0\u00bb background_repeat=\u00a0\u00bbrepeat\u00a0\u00bb make_fullwidth=\u00a0\u00bboff\u00a0\u00bb use_custom_width=\u00a0\u00bboff\u00a0\u00bb width_unit=\u00a0\u00bboff\u00a0\u00bb custom_width_px=\u00a0\u00bb1080px\u00a0\u00bb custom_width_percent=\u00a0\u00bb80%\u00a0\u00bb global_colors_info=\u00a0\u00bb{}\u00a0\u00bb][et_pb_column type=\u00a0\u00bb1_2&Prime; _builder_version=\u00a0\u00bb4.16&Prime; custom_padding=\u00a0\u00bb|||\u00a0\u00bb global_colors_info=\u00a0\u00bb{}\u00a0\u00bb custom_padding__hover=\u00a0\u00bb|||\u00a0\u00bb][et_pb_circle_counter title=\u00a0\u00bbLe taux de r\u00e9ussite au baccalaur\u00e9at sur les trois derni\u00e8res ann\u00e9es au Yeelen (taux de r\u00e9ussite moyen au bac au Mali en 2011 : 31%)\u00a0\u00bb number=\u00a0\u00bb67&Prime; admin_label=\u00a0\u00bbCompteur cercle\u00a0\u00bb _builder_version=\u00a0\u00bb4.16&Prime; global_colors_info=\u00a0\u00bb{}\u00a0\u00bb] [\/et_pb_circle_counter][\/et_pb_column][et_pb_column type=\u00a0\u00bb1_2&Prime; _builder_version=\u00a0\u00bb4.16&Prime; custom_padding=\u00a0\u00bb|||\u00a0\u00bb global_colors_info=\u00a0\u00bb{}\u00a0\u00bb custom_padding__hover=\u00a0\u00bb|||\u00a0\u00bb][et_pb_circle_counter title=\u00a0\u00bbLe taux de r\u00e9ussite au DEF sur les trois derni\u00e8res ann\u00e9es au Yeelen (taux de r\u00e9ussite moyen au DEF au Mali en 2011 : 33%)\u00a0\u00bb number=\u00a0\u00bb87&Prime; bar_bg_color=\u00a0\u00bb#000000&Prime; admin_label=\u00a0\u00bbCompteur cercle\u00a0\u00bb _builder_version=\u00a0\u00bb4.16&Prime; global_colors_info=\u00a0\u00bb{}\u00a0\u00bb] [\/et_pb_circle_counter][\/et_pb_column][\/et_pb_row][\/et_pb_section][et_pb_section fb_built=\u00a0\u00bb1&Prime; custom_padding_last_edited=\u00a0\u00bbon|desktop\u00a0\u00bb admin_label=\u00a0\u00bbsection\u00a0\u00bb _builder_version=\u00a0\u00bb4.16&Prime; custom_padding=\u00a0\u00bb0px|0px|0px|0px\u00a0\u00bb custom_padding_tablet=\u00a0\u00bb50px|0|50px|0&Prime; custom_padding_phone=\u00a0\u00bb\u00a0\u00bb transparent_background=\u00a0\u00bboff\u00a0\u00bb padding_mobile=\u00a0\u00bboff\u00a0\u00bb make_fullwidth=\u00a0\u00bboff\u00a0\u00bb use_custom_width=\u00a0\u00bboff\u00a0\u00bb width_unit=\u00a0\u00bboff\u00a0\u00bb custom_width_px=\u00a0\u00bb1080px\u00a0\u00bb custom_width_percent=\u00a0\u00bb80%\u00a0\u00bb global_colors_info=\u00a0\u00bb{}\u00a0\u00bb][et_pb_row padding_mobile=\u00a0\u00bboff\u00a0\u00bb column_padding_mobile=\u00a0\u00bbon\u00a0\u00bb admin_label=\u00a0\u00bbrow\u00a0\u00bb _builder_version=\u00a0\u00bb4.16&Prime; background_size=\u00a0\u00bbinitial\u00a0\u00bb background_position=\u00a0\u00bbtop_left\u00a0\u00bb background_repeat=\u00a0\u00bbrepeat\u00a0\u00bb custom_padding=\u00a0\u00bb8px|0px|11px|0px\u00a0\u00bb make_fullwidth=\u00a0\u00bboff\u00a0\u00bb use_custom_width=\u00a0\u00bboff\u00a0\u00bb width_unit=\u00a0\u00bboff\u00a0\u00bb custom_width_px=\u00a0\u00bb1080px\u00a0\u00bb custom_width_percent=\u00a0\u00bb80%\u00a0\u00bb global_colors_info=\u00a0\u00bb{}\u00a0\u00bb][et_pb_column type=\u00a0\u00bb4_4&Prime; _builder_version=\u00a0\u00bb4.16&Prime; custom_padding=\u00a0\u00bb|||\u00a0\u00bb global_colors_info=\u00a0\u00bb{}\u00a0\u00bb custom_padding__hover=\u00a0\u00bb|||\u00a0\u00bb][et_pb_text admin_label=\u00a0\u00bbTexte\u00a0\u00bb _builder_version=\u00a0\u00bb4.16&Prime; text_font=\u00a0\u00bbOswald|700|||||||\u00a0\u00bb text_font_size=\u00a0\u00bb30px\u00a0\u00bb background_size=\u00a0\u00bbinitial\u00a0\u00bb background_position=\u00a0\u00bbtop_left\u00a0\u00bb background_repeat=\u00a0\u00bbrepeat\u00a0\u00bb use_border_color=\u00a0\u00bboff\u00a0\u00bb border_style=\u00a0\u00bbsolid\u00a0\u00bb global_colors_info=\u00a0\u00bb{}\u00a0\u00bb]Les joueurs form\u00e9s au Yeelen[\/et_pb_text][\/et_pb_column][\/et_pb_row][\/et_pb_section][et_pb_section fb_built=\u00a0\u00bb1&Prime; _builder_version=\u00a0\u00bb4.16&Prime; background_image=\u00a0\u00bbhttp:\/\/www.football-solidaire.com\/wp-content\/uploads\/2016\/12\/DSC_0061.jpg\u00a0\u00bb global_colors_info=\u00a0\u00bb{}\u00a0\u00bb][et_pb_row column_structure=\u00a0\u00bb3_5,2_5&Prime; _builder_version=\u00a0\u00bb4.16&Prime; custom_padding=\u00a0\u00bb||84px|||\u00a0\u00bb global_colors_info=\u00a0\u00bb{}\u00a0\u00bb][et_pb_column type=\u00a0\u00bb3_5&Prime; _builder_version=\u00a0\u00bb4.16&Prime; global_colors_info=\u00a0\u00bb{}\u00a0\u00bb][et_pb_video src=\u00a0\u00bbhttps:\/\/vimeo.com\/387447388&Prime; thumbnail_overlay_color=\u00a0\u00bbrgba(0,0,0,0.6)\u00a0\u00bb _builder_version=\u00a0\u00bb4.16&Prime; width=\u00a0\u00bb100%\u00a0\u00bb max_width=\u00a0\u00bb100%\u00a0\u00bb module_alignment=\u00a0\u00bbcenter\u00a0\u00bb custom_margin=\u00a0\u00bb|-468px||50px||\u00a0\u00bb custom_padding=\u00a0\u00bb|0px||0px||\u00a0\u00bb border_radii=\u00a0\u00bbon|25px|25px|25px|25px\u00a0\u00bb global_colors_info=\u00a0\u00bb{}\u00a0\u00bb][\/et_pb_video][\/et_pb_column][et_pb_column type=\u00a0\u00bb2_5&Prime; _builder_version=\u00a0\u00bb4.16&Prime; global_colors_info=\u00a0\u00bb{}\u00a0\u00bb][\/et_pb_column][\/et_pb_row][\/et_pb_section][et_pb_section fb_built=\u00a0\u00bb1&Prime; fullwidth=\u00a0\u00bbon\u00a0\u00bb _builder_version=\u00a0\u00bb4.16&Prime; custom_margin=\u00a0\u00bb-5px|||||\u00a0\u00bb custom_padding=\u00a0\u00bb||0px|||\u00a0\u00bb global_colors_info=\u00a0\u00bb{}\u00a0\u00bb][\/et_pb_section]<\/p>\n","protected":false},"excerpt":{"rendered":"<p>Notre ambitionConstruire sur le long terme une acad\u00e9mie mod\u00e8le en Afrique aux niveaux sportif et scolaireLe Yeelen Olympique a \u00e9t\u00e9 cr\u00e9\u00e9 en 2003 et prend actuellement en charge une centaine de joueurs, \u00e2g\u00e9s de 10 \u00e0 20 ans. Tous les enfants sont scolaris\u00e9s et b\u00e9n\u00e9ficient de soutien scolaire au sein des infrastructures du centre. Il [&hellip;]<\/p>\n","protected":false},"author":1,"featured_media":0,"parent":0,"menu_order":0,"comment_status":"open","ping_status":"open","template":"","meta":{"_et_pb_use_builder":"on","_et_pb_old_content":"","_et_gb_content_width":"","footnotes":""},"class_list":["post-40","page","type-page","status-publish","hentry"],"_links":{"self":[{"href":"https:\/\/www.football-solidaire.com\/index.php?rest_route=\/wp\/v2\/pages\/40","targetHints":{"allow":["GET"]}}],"collection":[{"href":"https:\/\/www.football-solidaire.com\/index.php?rest_route=\/wp\/v2\/pages"}],"about":[{"href":"https:\/\/www.football-solidaire.com\/index.php?rest_route=\/wp\/v2\/types\/page"}],"author":[{"embeddable":true,"href":"https:\/\/www.football-solidaire.com\/index.php?rest_route=\/wp\/v2\/users\/1"}],"replies":[{"embeddable":true,"href":"https:\/\/www.football-solidaire.com\/index.php?rest_route=%2Fwp%2Fv2%2Fcomments&post=40"}],"version-history":[{"count":171,"href":"https:\/\/www.football-solidaire.com\/index.php?rest_route=\/wp\/v2\/pages\/40\/revisions"}],"predecessor-version":[{"id":413,"href":"https:\/\/www.football-solidaire.com\/index.php?rest_route=\/wp\/v2\/pages\/40\/revisions\/413"}],"wp:attachment":[{"href":"https:\/\/www.football-solidaire.com\/index.php?rest_route=%2Fwp%2Fv2%2Fmedia&parent=40"}],"curies":[{"name":"wp","href":"https:\/\/api.w.org\/{rel}","templated":true}]}}